{"id":501,"date":"2016-09-27T15:47:43","date_gmt":"2016-09-27T15:47:43","guid":{"rendered":"http:\/\/fitness2.mythemecloud.io\/?page_id=501"},"modified":"2023-03-16T18:46:06","modified_gmt":"2023-03-16T18:46:06","slug":"programs","status":"publish","type":"page","link":"https:\/\/arc-bonn.de\/?page_id=501","title":{"rendered":"Lehrg\u00e4nge"},"content":{"rendered":"\t\t<div data-elementor-type=\"wp-page\" data-elementor-id=\"501\" class=\"elementor elementor-501\">\n\t\t\t\t\t\t<div class=\"elementor-inner\">\n\t\t\t\t<div class=\"elementor-section-wrap\">\n\t\t\t\t\t\t\t\t\t<section class=\"elementor-section elementor-top-section elementor-element elementor-element-wyxizls elementor-section-content-middle elementor-section-boxed elementor-section-height-default elementor-section-height-default\" data-id=\"wyxizls\" data-element_type=\"section\">\n\t\t\t\t\t\t<div class=\"elementor-container elementor-column-gap-default\">\n\t\t\t\t\t\t\t<div class=\"elementor-row\">\n\t\t\t\t\t<div class=\"elementor-column elementor-col-100 elementor-top-column elementor-element elementor-element-ibtffgp\" data-id=\"ibtffgp\" data-element_type=\"column\">\n\t\t\t<div class=\"elementor-column-wrap elementor-element-populated\">\n\t\t\t\t\t\t\t<div class=\"elementor-widget-wrap\">\n\t\t\t\t\t\t<div class=\"elementor-element elementor-element-xdpmieu elementor-widget elementor-widget-heading\" data-id=\"xdpmieu\" data-element_type=\"widget\" data-widget_type=\"heading.default\">\n\t\t\t\t<div class=\"elementor-widget-container\">\n\t\t\t<h2 class=\"elementor-heading-title elementor-size-default\">Lehrg\u00e4nge<\/h2>\t\t<\/div>\n\t\t\t\t<\/div>\n\t\t\t\t<div class=\"elementor-element elementor-element-2de85a5 elementor-widget-divider--view-line elementor-widget elementor-widget-divider\" data-id=\"2de85a5\" data-element_type=\"widget\" data-widget_type=\"divider.default\">\n\t\t\t\t<div class=\"elementor-widget-container\">\n\t\t\t\t\t<div class=\"elementor-divider\">\n\t\t\t<span class=\"elementor-divider-separator\">\n\t\t\t\t\t\t<\/span>\n\t\t<\/div>\n\t\t\t\t<\/div>\n\t\t\t\t<\/div>\n\t\t\t\t<section class=\"elementor-section elementor-inner-section elementor-element elementor-element-9aa5593 elementor-section-boxed elementor-section-height-default elementor-section-height-default\" data-id=\"9aa5593\" data-element_type=\"section\">\n\t\t\t\t\t\t<div class=\"elementor-container elementor-column-gap-default\">\n\t\t\t\t\t\t\t<div class=\"elementor-row\">\n\t\t\t\t\t<div class=\"elementor-column elementor-col-50 elementor-inner-column elementor-element elementor-element-44b2599\" data-id=\"44b2599\" data-element_type=\"column\">\n\t\t\t<div class=\"elementor-column-wrap elementor-element-populated\">\n\t\t\t\t\t\t\t<div class=\"elementor-widget-wrap\">\n\t\t\t\t\t\t<div class=\"elementor-element elementor-element-679513a elementor-widget elementor-widget-text-editor\" data-id=\"679513a\" data-element_type=\"widget\" data-widget_type=\"text-editor.default\">\n\t\t\t\t<div class=\"elementor-widget-container\">\n\t\t\t\t\t\t\t\t<div class=\"elementor-text-editor elementor-clearfix\">\n\t\t\t\t<p><span style=\"font-size: 16px;\">Unseren Mitgliedern bie\u00adten wir in loser Reihenfolge Lehrg\u00e4nge auf unter\u00adschied\u00adli\u00adchem Leistungsklassen-Niveau an.<\/span><\/p><p>Unsere Lehrg\u00e4nge fin\u00adden meist am Wochenende mit nam\u00adhaf\u00adten Ausbildern auf Reitanlagen in der Region statt.<\/p><p>Des Weiteren bie\u00adten wir unse\u00adren Mitgliedern an, sie bei \u201eaus\u00adw\u00e4r\u00adti\u00adgen\u201c Lehrg\u00e4ngen mone\u00adt\u00e4r zu unterst\u00fctzen.<\/p><p>Details hier\u00adzu sind bit\u00adte beim Vorstand zu erfragen.<\/p>\t\t\t\t\t<\/div>\n\t\t\t\t\t\t<\/div>\n\t\t\t\t<\/div>\n\t\t\t\t\t\t<\/div>\n\t\t\t\t\t<\/div>\n\t\t<\/div>\n\t\t\t\t<div class=\"elementor-column elementor-col-50 elementor-inner-column elementor-element elementor-element-92757eb\" data-id=\"92757eb\" data-element_type=\"column\">\n\t\t\t<div class=\"elementor-column-wrap elementor-element-populated\">\n\t\t\t\t\t\t\t<div class=\"elementor-widget-wrap\">\n\t\t\t\t\t\t<div class=\"elementor-element elementor-element-2e11341 elementor-widget elementor-widget-image\" data-id=\"2e11341\" data-element_type=\"widget\" data-widget_type=\"image.default\">\n\t\t\t\t<div class=\"elementor-widget-container\">\n\t\t\t\t\t\t\t\t<div class=\"elementor-image\">\n\t\t\t\t\t\t\t\t\t\t\t\t<img width=\"694\" height=\"1024\" src=\"https:\/\/arc-bonn.de\/wp-content\/uploads\/2020\/04\/Lehrgang_3-694x1024.jpg\" class=\"attachment-large size-large\" alt loading=\"lazy\" srcset=\"https:\/\/arc-bonn.de\/wp-content\/uploads\/2020\/04\/Lehrgang_3-694x1024.jpg 694w, https:\/\/arc-bonn.de\/wp-content\/uploads\/2020\/04\/Lehrgang_3-203x300.jpg 203w, https:\/\/arc-bonn.de\/wp-content\/uploads\/2020\/04\/Lehrgang_3-768x1133.jpg 768w, https:\/\/arc-bonn.de\/wp-content\/uploads\/2020\/04\/Lehrgang_3-1042x1536.jpg 1042w, https:\/\/arc-bonn.de\/wp-content\/uploads\/2020\/04\/Lehrgang_3-1389x2048.jpg 1389w, https:\/\/arc-bonn.de\/wp-content\/uploads\/2020\/04\/Lehrgang_3.jpg 1736w\" sizes=\"(max-width: 694px) 100vw, 694px\">\t\t\t\t\t\t\t\t\t\t\t\t\t\t<\/div>\n\t\t\t\t\t\t<\/div>\n\t\t\t\t<\/div>\n\t\t\t\t\t\t<\/div>\n\t\t\t\t\t<\/div>\n\t\t<\/div>\n\t\t\t\t\t\t\t\t<\/div>\n\t\t\t\t\t<\/div>\n\t\t<\/section>\n\t\t\t\t\t\t<\/div>\n\t\t\t\t\t<\/div>\n\t\t<\/div>\n\t\t\t\t\t\t\t\t<\/div>\n\t\t\t\t\t<\/div>\n\t\t<\/section>\n\t\t\t\t<section class=\"elementor-section elementor-top-section elementor-element elementor-element-qfwcgay elementor-section-boxed elementor-section-height-default elementor-section-height-default\" data-id=\"qfwcgay\" data-element_type=\"section\">\n\t\t\t\t\t\t<div class=\"elementor-container elementor-column-gap-default\">\n\t\t\t\t\t\t\t<div class=\"elementor-row\">\n\t\t\t\t\t<div class=\"elementor-column elementor-col-100 elementor-top-column elementor-element elementor-element-oyyyslh\" data-id=\"oyyyslh\" data-element_type=\"column\">\n\t\t\t<div class=\"elementor-column-wrap elementor-element-populated\">\n\t\t\t\t\t\t\t<div class=\"elementor-widget-wrap\">\n\t\t\t\t\t\t<div class=\"elementor-element elementor-element-dipupel elementor-widget-divider--view-line elementor-widget elementor-widget-divider\" data-id=\"dipupel\" data-element_type=\"widget\" data-widget_type=\"divider.default\">\n\t\t\t\t<div class=\"elementor-widget-container\">\n\t\t\t\t\t<div class=\"elementor-divider\">\n\t\t\t<span class=\"elementor-divider-separator\">\n\t\t\t\t\t\t<\/span>\n\t\t<\/div>\n\t\t\t\t<\/div>\n\t\t\t\t<\/div>\n\t\t\t\t<div class=\"elementor-element elementor-element-e1e2696 elementor-widget elementor-widget-heading\" data-id=\"e1e2696\" data-element_type=\"widget\" data-widget_type=\"heading.default\">\n\t\t\t\t<div class=\"elementor-widget-container\">\n\t\t\t<h2 class=\"elementor-heading-title elementor-size-default\">\u00dcberblick \u00fcber unsere Lehrg\u00e4nge<\/h2>\t\t<\/div>\n\t\t\t\t<\/div>\n\t\t\t\t<div class=\"elementor-element elementor-element-2435bc1 elementor-widget elementor-widget-text-editor\" data-id=\"2435bc1\" data-element_type=\"widget\" data-widget_type=\"text-editor.default\">\n\t\t\t\t<div class=\"elementor-widget-container\">\n\t\t\t\t\t\t\t\t<div class=\"elementor-text-editor elementor-clearfix\">\n\t\t\t\t<p><\/p><div class=\"pt-cv-wrapper\"><div class=\"pt-cv-view pt-cv-grid pt-cv-colsys\" id=\"pt-cv-view-2fcd842vcf\"><div data-id=\"pt-cv-page-1\" class=\"pt-cv-page\" data-cvc=\"2\"><div class=\"col-md-6 col-sm-6 col-xs-12 pt-cv-content-item pt-cv-1-col\"><div class=\"pt-cv-ifield\"><a href=\"https:\/\/arc-bonn.de\/?p=2519\" class=\"_self pt-cv-href-thumbnail pt-cv-thumb-default\" target=\"_self\"><img width=\"200\" height=\"300\" src=\"https:\/\/arc-bonn.de\/wp-content\/uploads\/2026\/03\/ChatGPT-Image-10.-Ma\u0308rz-2026-19_42_20-200x300.png\" class=\"pt-cv-thumbnail\" alt loading=\"lazy\" srcset=\"https:\/\/arc-bonn.de\/wp-content\/uploads\/2026\/03\/ChatGPT-Image-10.-Ma\u0308rz-2026-19_42_20-200x300.png 200w, https:\/\/arc-bonn.de\/wp-content\/uploads\/2026\/03\/ChatGPT-Image-10.-Ma\u0308rz-2026-19_42_20-683x1024.png 683w, https:\/\/arc-bonn.de\/wp-content\/uploads\/2026\/03\/ChatGPT-Image-10.-Ma\u0308rz-2026-19_42_20-100x150.png 100w, https:\/\/arc-bonn.de\/wp-content\/uploads\/2026\/03\/ChatGPT-Image-10.-Ma\u0308rz-2026-19_42_20-768x1152.png 768w, https:\/\/arc-bonn.de\/wp-content\/uploads\/2026\/03\/ChatGPT-Image-10.-Ma\u0308rz-2026-19_42_20.png 1024w\" sizes=\"(max-width: 200px) 100vw, 200px\"><\/a>\n<h4 class=\"pt-cv-title\"><a href=\"https:\/\/arc-bonn.de\/?p=2519\" class=\"_self\" target=\"_self\">Zeit, Motivation in gute Ritte zu verwandeln \u2014 Drei x 4 Trainingspl\u00e4tze f\u00fcr unsere Mitglieder<\/a><\/h4>\n<div class=\"pt-cv-content\">Turniersaison in Sicht! Zeit, Motivation in gute Ritte zu ver\u00adwan\u00addeln. Egal, ob jung oder alt, Einsteiger oder \u201ealter Hase\u201c: Wir \u2026<br><a href=\"https:\/\/arc-bonn.de\/?p=2519\" class=\"_self pt-cv-readmore btn btn-success\" target=\"_self\">Weiterlesen \u2026<\/a><\/div><\/div><\/div>\n<div class=\"col-md-6 col-sm-6 col-xs-12 pt-cv-content-item pt-cv-1-col\"><div class=\"pt-cv-ifield\"><a href=\"https:\/\/arc-bonn.de\/?p=2514\" class=\"_self pt-cv-href-thumbnail pt-cv-thumb-default\" target=\"_self\"><img width=\"300\" height=\"300\" src=\"https:\/\/arc-bonn.de\/wp-content\/uploads\/2025\/12\/Gemini_Generated_Image_Emotionale-Sta\u0308rke-300x300.png\" class=\"pt-cv-thumbnail\" alt loading=\"lazy\" srcset=\"https:\/\/arc-bonn.de\/wp-content\/uploads\/2025\/12\/Gemini_Generated_Image_Emotionale-Sta\u0308rke-300x300.png 300w, https:\/\/arc-bonn.de\/wp-content\/uploads\/2025\/12\/Gemini_Generated_Image_Emotionale-Sta\u0308rke.png 1024w, https:\/\/arc-bonn.de\/wp-content\/uploads\/2025\/12\/Gemini_Generated_Image_Emotionale-Sta\u0308rke-150x150.png 150w, https:\/\/arc-bonn.de\/wp-content\/uploads\/2025\/12\/Gemini_Generated_Image_Emotionale-Sta\u0308rke-768x768.png 768w, https:\/\/arc-bonn.de\/wp-content\/uploads\/2025\/12\/Gemini_Generated_Image_Emotionale-Sta\u0308rke-600x600.png 600w\" sizes=\"(max-width: 300px) 100vw, 300px\"><\/a>\n<h4 class=\"pt-cv-title\"><a href=\"https:\/\/arc-bonn.de\/?p=2514\" class=\"_self\" target=\"_self\">Workshop: Emotionale St\u00e4rke f\u00fcr Reiter:innen &amp; Turnierbegleiter:innen &amp; Trainer:innen &amp; Eltern &amp; Interessierte<\/a><\/h4>\n<div class=\"pt-cv-content\">Liebe ARC-Vereinsmitglieder, das Neue Jahr steht bereits vor der T\u00fcr, auch wenn wir zun\u00e4chst ein\u00admal die Weihnachtszeit genie\u00ad\u00dfen d\u00fcr\u00adfen. Zum \u2026<br><a href=\"https:\/\/arc-bonn.de\/?p=2514\" class=\"_self pt-cv-readmore btn btn-success\" target=\"_self\">Weiterlesen \u2026<\/a><\/div><\/div><\/div>\n<div class=\"col-md-6 col-sm-6 col-xs-12 pt-cv-content-item pt-cv-1-col\"><div class=\"pt-cv-ifield\"><a href=\"https:\/\/arc-bonn.de\/?p=2428\" class=\"_self pt-cv-href-thumbnail pt-cv-thumb-default\" target=\"_self\"><img width=\"300\" height=\"300\" src=\"https:\/\/arc-bonn.de\/wp-content\/uploads\/2024\/10\/ARC-goes-Academic-300x300.png\" class=\"pt-cv-thumbnail\" alt loading=\"lazy\" srcset=\"https:\/\/arc-bonn.de\/wp-content\/uploads\/2024\/10\/ARC-goes-Academic-300x300.png 300w, https:\/\/arc-bonn.de\/wp-content\/uploads\/2024\/10\/ARC-goes-Academic.png 1024w, https:\/\/arc-bonn.de\/wp-content\/uploads\/2024\/10\/ARC-goes-Academic-150x150.png 150w, https:\/\/arc-bonn.de\/wp-content\/uploads\/2024\/10\/ARC-goes-Academic-768x768.png 768w, https:\/\/arc-bonn.de\/wp-content\/uploads\/2024\/10\/ARC-goes-Academic-600x600.png 600w\" sizes=\"(max-width: 300px) 100vw, 300px\"><\/a>\n<h4 class=\"pt-cv-title\"><a href=\"https:\/\/arc-bonn.de\/?p=2428\" class=\"_self\" target=\"_self\">ARC goes Academic \u2014 Wintersemester 2025\/26<\/a><\/h4>\n<div class=\"pt-cv-content\">ARC Bonn goes Academic \u2014 Pferdewissenschaften erle\u00adben Liebe ARC-Mitglieder, der Austausch zwi\u00adschen Wissenschaft und Praxis ist eine gro\u00df\u00adar\u00adti\u00adge Gelegenheit, die \u2026<br><a href=\"https:\/\/arc-bonn.de\/?p=2428\" class=\"_self pt-cv-readmore btn btn-success\" target=\"_self\">Weiterlesen \u2026<\/a><\/div><\/div><\/div>\n<div class=\"col-md-6 col-sm-6 col-xs-12 pt-cv-content-item pt-cv-1-col\"><div class=\"pt-cv-ifield\"><a href=\"https:\/\/arc-bonn.de\/?p=2421\" class=\"_self pt-cv-href-thumbnail pt-cv-thumb-default\" target=\"_self\"><img width=\"300\" height=\"200\" src=\"https:\/\/arc-bonn.de\/wp-content\/uploads\/2025\/10\/Bild-Ankuendigung-Beachflag-300x200.png\" class=\"pt-cv-thumbnail\" alt loading=\"lazy\" srcset=\"https:\/\/arc-bonn.de\/wp-content\/uploads\/2025\/10\/Bild-Ankuendigung-Beachflag-300x200.png 300w, https:\/\/arc-bonn.de\/wp-content\/uploads\/2025\/10\/Bild-Ankuendigung-Beachflag-1024x683.png 1024w, https:\/\/arc-bonn.de\/wp-content\/uploads\/2025\/10\/Bild-Ankuendigung-Beachflag-150x100.png 150w, https:\/\/arc-bonn.de\/wp-content\/uploads\/2025\/10\/Bild-Ankuendigung-Beachflag-768x512.png 768w, https:\/\/arc-bonn.de\/wp-content\/uploads\/2025\/10\/Bild-Ankuendigung-Beachflag.png 1536w\" sizes=\"(max-width: 300px) 100vw, 300px\"><\/a>\n<h4 class=\"pt-cv-title\"><a href=\"https:\/\/arc-bonn.de\/?p=2421\" class=\"_self\" target=\"_self\">Dressurlehrgang mit Nicole Uphoff am 15. und 16. November 2025<\/a><\/h4>\n<div class=\"pt-cv-content\">Liebe ARC-Mitglieder, lie\u00adbe Reiterinnen und Reiter, wie\u00adder ist ein Jahr ver\u00adgan\u00adgen und auch in die\u00adsem Herbst d\u00fcr\u00adfen wir uns auf \u2026<br><a href=\"https:\/\/arc-bonn.de\/?p=2421\" class=\"_self pt-cv-readmore btn btn-success\" target=\"_self\">Weiterlesen \u2026<\/a><\/div><\/div><\/div>\n<div class=\"col-md-6 col-sm-6 col-xs-12 pt-cv-content-item pt-cv-1-col\"><div class=\"pt-cv-ifield\"><a href=\"https:\/\/arc-bonn.de\/?p=2400\" class=\"_self pt-cv-href-thumbnail pt-cv-thumb-default\" target=\"_self\"><img width=\"300\" height=\"300\" src=\"https:\/\/arc-bonn.de\/wp-content\/uploads\/2025\/04\/DALL\u00b7E-2024-09-09-15.10.06-A-refined-version-of-a-comic-style-image-featuring-a-cool-and-confident-sock-character-riding-a-horse-in-a-dressage-pose.-The-sock-has-a-traditional-s-300x300.webp\" class=\"pt-cv-thumbnail\" alt=\"Coole Socke\" loading=\"lazy\" srcset=\"https:\/\/arc-bonn.de\/wp-content\/uploads\/2025\/04\/DALL\u00b7E-2024-09-09-15.10.06-A-refined-version-of-a-comic-style-image-featuring-a-cool-and-confident-sock-character-riding-a-horse-in-a-dressage-pose.-The-sock-has-a-traditional-s-300x300.webp 300w, https:\/\/arc-bonn.de\/wp-content\/uploads\/2025\/04\/DALL\u00b7E-2024-09-09-15.10.06-A-refined-version-of-a-comic-style-image-featuring-a-cool-and-confident-sock-character-riding-a-horse-in-a-dressage-pose.-The-sock-has-a-traditional-s.webp 1024w, https:\/\/arc-bonn.de\/wp-content\/uploads\/2025\/04\/DALL\u00b7E-2024-09-09-15.10.06-A-refined-version-of-a-comic-style-image-featuring-a-cool-and-confident-sock-character-riding-a-horse-in-a-dressage-pose.-The-sock-has-a-traditional-s-150x150.webp 150w, https:\/\/arc-bonn.de\/wp-content\/uploads\/2025\/04\/DALL\u00b7E-2024-09-09-15.10.06-A-refined-version-of-a-comic-style-image-featuring-a-cool-and-confident-sock-character-riding-a-horse-in-a-dressage-pose.-The-sock-has-a-traditional-s-768x768.webp 768w, https:\/\/arc-bonn.de\/wp-content\/uploads\/2025\/04\/DALL\u00b7E-2024-09-09-15.10.06-A-refined-version-of-a-comic-style-image-featuring-a-cool-and-confident-sock-character-riding-a-horse-in-a-dressage-pose.-The-sock-has-a-traditional-s-600x600.webp 600w\" sizes=\"(max-width: 300px) 100vw, 300px\"><\/a>\n<h4 class=\"pt-cv-title\"><a href=\"https:\/\/arc-bonn.de\/?p=2400\" class=\"_self\" target=\"_self\">Workshop: Cool im Kopf \u2013 Stark im Auftritt am Sonntag, 4. Mai&nbsp;2025<\/a><\/h4>\n<div class=\"pt-cv-content\">Darum geht\u2019s Nach dem posi\u00adti\u00adven Feedback im letz\u00adten Jahr freu\u00aden wir uns, auch 2025 wie\u00adder einen Workshop zur men\u00adta\u00adlen St\u00e4rkeanzubieten.Dieses \u2026<br><a href=\"https:\/\/arc-bonn.de\/?p=2400\" class=\"_self pt-cv-readmore btn btn-success\" target=\"_self\">Weiterlesen \u2026<\/a><\/div><\/div><\/div>\n<div class=\"col-md-6 col-sm-6 col-xs-12 pt-cv-content-item pt-cv-1-col\"><div class=\"pt-cv-ifield\"><a href=\"https:\/\/arc-bonn.de\/?p=2371\" class=\"_self pt-cv-href-thumbnail pt-cv-thumb-default\" target=\"_self\"><img width=\"300\" height=\"169\" src=\"https:\/\/arc-bonn.de\/wp-content\/uploads\/2025\/01\/Praesentation1-fuer-Beitragsbild-300x169.png\" class=\"pt-cv-thumbnail\" alt loading=\"lazy\" srcset=\"https:\/\/arc-bonn.de\/wp-content\/uploads\/2025\/01\/Praesentation1-fuer-Beitragsbild-300x169.png 300w, https:\/\/arc-bonn.de\/wp-content\/uploads\/2025\/01\/Praesentation1-fuer-Beitragsbild-150x84.png 150w, https:\/\/arc-bonn.de\/wp-content\/uploads\/2025\/01\/Praesentation1-fuer-Beitragsbild.png 720w\" sizes=\"(max-width: 300px) 100vw, 300px\"><\/a>\n<h4 class=\"pt-cv-title\"><a href=\"https:\/\/arc-bonn.de\/?p=2371\" class=\"_self\" target=\"_self\">Pferdekonferenz \u2014 Wissen im 25-Minuten Takt am 29. Januar und am 26. Februar 2025<\/a><\/h4>\n<div class=\"pt-cv-content\">Liebe Mitglieder, im Rahmen des Projektes \u201cARC goes Academic\u201d laden wir Interessierte herz\u00adlich zu die\u00adsen bei\u00adden Veranstaltungstagen ein Mittwoch, 29 \u2026<br><a href=\"https:\/\/arc-bonn.de\/?p=2371\" class=\"_self pt-cv-readmore btn btn-success\" target=\"_self\">Weiterlesen \u2026<\/a><\/div><\/div><\/div>\n<div class=\"col-md-6 col-sm-6 col-xs-12 pt-cv-content-item pt-cv-1-col\"><div class=\"pt-cv-ifield\"><a href=\"https:\/\/arc-bonn.de\/?p=2348\" class=\"_self pt-cv-href-thumbnail pt-cv-thumb-default\" target=\"_self\"><img width=\"300\" height=\"300\" src=\"https:\/\/arc-bonn.de\/wp-content\/uploads\/2024\/10\/Dressur-im-Fokus-Erfolgswege-Bewertungskriterien-und-der-Einfluss-des-Menschen-300x300.png\" class=\"pt-cv-thumbnail\" alt loading=\"lazy\" srcset=\"https:\/\/arc-bonn.de\/wp-content\/uploads\/2024\/10\/Dressur-im-Fokus-Erfolgswege-Bewertungskriterien-und-der-Einfluss-des-Menschen-300x300.png 300w, https:\/\/arc-bonn.de\/wp-content\/uploads\/2024\/10\/Dressur-im-Fokus-Erfolgswege-Bewertungskriterien-und-der-Einfluss-des-Menschen-1024x1024.png 1024w, https:\/\/arc-bonn.de\/wp-content\/uploads\/2024\/10\/Dressur-im-Fokus-Erfolgswege-Bewertungskriterien-und-der-Einfluss-des-Menschen-150x150.png 150w, https:\/\/arc-bonn.de\/wp-content\/uploads\/2024\/10\/Dressur-im-Fokus-Erfolgswege-Bewertungskriterien-und-der-Einfluss-des-Menschen-768x768.png 768w, https:\/\/arc-bonn.de\/wp-content\/uploads\/2024\/10\/Dressur-im-Fokus-Erfolgswege-Bewertungskriterien-und-der-Einfluss-des-Menschen-600x600.png 600w, https:\/\/arc-bonn.de\/wp-content\/uploads\/2024\/10\/Dressur-im-Fokus-Erfolgswege-Bewertungskriterien-und-der-Einfluss-des-Menschen.png 1080w\" sizes=\"(max-width: 300px) 100vw, 300px\"><\/a>\n<h4 class=\"pt-cv-title\"><a href=\"https:\/\/arc-bonn.de\/?p=2348\" class=\"_self\" target=\"_self\">Dressur im Fokus: Erfolgswege, Bewertungskriterien und der Einfluss des Menschen \u2014 Samstagabend, 2. November 2024<\/a><\/h4>\n<div class=\"pt-cv-content\">Liebe Mitglieder des ARC Bonn, lie\u00adbe Interessierte, kurz\u00adfris\u00adtig, aber zu einer au\u00dfer\u00adge\u00adw\u00f6hn\u00adli\u00adchen Veranstaltung rund um den Dressursport laden wir herz\u00adlich \u2026<br><a href=\"https:\/\/arc-bonn.de\/?p=2348\" class=\"_self pt-cv-readmore btn btn-success\" target=\"_self\">Weiterlesen \u2026<\/a><\/div><\/div><\/div>\n<div class=\"col-md-6 col-sm-6 col-xs-12 pt-cv-content-item pt-cv-1-col\"><div class=\"pt-cv-ifield\"><a href=\"https:\/\/arc-bonn.de\/?p=2335\" class=\"_self pt-cv-href-thumbnail pt-cv-thumb-default\" target=\"_self\"><img width=\"300\" height=\"300\" src=\"https:\/\/arc-bonn.de\/wp-content\/uploads\/2024\/10\/PHOTO-2024-10-24-16-12-45-300x300.jpg\" class=\"pt-cv-thumbnail\" alt loading=\"lazy\" srcset=\"https:\/\/arc-bonn.de\/wp-content\/uploads\/2024\/10\/PHOTO-2024-10-24-16-12-45-300x300.jpg 300w, https:\/\/arc-bonn.de\/wp-content\/uploads\/2024\/10\/PHOTO-2024-10-24-16-12-45-1024x1024.jpg 1024w, https:\/\/arc-bonn.de\/wp-content\/uploads\/2024\/10\/PHOTO-2024-10-24-16-12-45-150x150.jpg 150w, https:\/\/arc-bonn.de\/wp-content\/uploads\/2024\/10\/PHOTO-2024-10-24-16-12-45-768x768.jpg 768w, https:\/\/arc-bonn.de\/wp-content\/uploads\/2024\/10\/PHOTO-2024-10-24-16-12-45-600x600.jpg 600w, https:\/\/arc-bonn.de\/wp-content\/uploads\/2024\/10\/PHOTO-2024-10-24-16-12-45.jpg 1080w\" sizes=\"(max-width: 300px) 100vw, 300px\"><\/a>\n<h4 class=\"pt-cv-title\"><a href=\"https:\/\/arc-bonn.de\/?p=2335\" class=\"_self\" target=\"_self\">Exklusive Einblicke: Training miterleben \u2014 Dressurlehrgang mit Olympiasiegerin am 2. und 3. November 2024<\/a><\/h4>\n<div class=\"pt-cv-content\">Der ARC Bonn freut sich, einen exklu\u00adsi\u00adven Lehrgang am 2. und 3. November 2024 sei\u00adnen Mitgliedern anzu\u00adbie\u00adten \u2014 und das \u2026<br><a href=\"https:\/\/arc-bonn.de\/?p=2335\" class=\"_self pt-cv-readmore btn btn-success\" target=\"_self\">Weiterlesen \u2026<\/a><\/div><\/div><\/div>\n<div class=\"col-md-6 col-sm-6 col-xs-12 pt-cv-content-item pt-cv-1-col\"><div class=\"pt-cv-ifield\"><a href=\"https:\/\/arc-bonn.de\/?p=2340\" class=\"_self pt-cv-href-thumbnail pt-cv-thumb-default\" target=\"_self\"><img width=\"300\" height=\"225\" src=\"https:\/\/arc-bonn.de\/wp-content\/uploads\/2023\/08\/Tag-des-Unterrichtens-Foto-III-300x225.jpg\" class=\"pt-cv-thumbnail\" alt loading=\"lazy\" srcset=\"https:\/\/arc-bonn.de\/wp-content\/uploads\/2023\/08\/Tag-des-Unterrichtens-Foto-III-300x225.jpg 300w, https:\/\/arc-bonn.de\/wp-content\/uploads\/2023\/08\/Tag-des-Unterrichtens-Foto-III-150x113.jpg 150w, https:\/\/arc-bonn.de\/wp-content\/uploads\/2023\/08\/Tag-des-Unterrichtens-Foto-III.jpg 577w\" sizes=\"(max-width: 300px) 100vw, 300px\"><\/a>\n<h4 class=\"pt-cv-title\"><a href=\"https:\/\/arc-bonn.de\/?p=2340\" class=\"_self\" target=\"_self\">Tag des Unterrichtens am 9. November 2024<\/a><\/h4>\n<div class=\"pt-cv-content\">Liebe Mitglieder, lie\u00adbe Interessierte, im Rahmen mei\u00adner Zusammenarbeit mit der Fachgruppe der Amateurausbilder im Deutschen Reiter- und Fahrerverband m\u00f6ch\u00adte ich \u2026<br><a href=\"https:\/\/arc-bonn.de\/?p=2340\" class=\"_self pt-cv-readmore btn btn-success\" target=\"_self\">Weiterlesen \u2026<\/a><\/div><\/div><\/div>\n<div class=\"col-md-6 col-sm-6 col-xs-12 pt-cv-content-item pt-cv-1-col\"><div class=\"pt-cv-ifield\"><a href=\"https:\/\/arc-bonn.de\/?p=2327\" class=\"_self pt-cv-href-thumbnail pt-cv-thumb-default\" target=\"_self\"><img width=\"300\" height=\"251\" src=\"https:\/\/arc-bonn.de\/wp-content\/uploads\/2024\/10\/Photography-WorkShop-Dressurlehrgang-2024-10-14-300x251.png\" class=\"pt-cv-thumbnail\" alt loading=\"lazy\" srcset=\"https:\/\/arc-bonn.de\/wp-content\/uploads\/2024\/10\/Photography-WorkShop-Dressurlehrgang-2024-10-14-300x251.png 300w, https:\/\/arc-bonn.de\/wp-content\/uploads\/2024\/10\/Photography-WorkShop-Dressurlehrgang-2024-10-14-150x126.png 150w, https:\/\/arc-bonn.de\/wp-content\/uploads\/2024\/10\/Photography-WorkShop-Dressurlehrgang-2024-10-14-768x644.png 768w, https:\/\/arc-bonn.de\/wp-content\/uploads\/2024\/10\/Photography-WorkShop-Dressurlehrgang-2024-10-14.png 940w\" sizes=\"(max-width: 300px) 100vw, 300px\"><\/a>\n<h4 class=\"pt-cv-title\"><a href=\"https:\/\/arc-bonn.de\/?p=2327\" class=\"_self\" target=\"_self\">Dressurlehrgang mit Olympiasiegerin am 2. und 3. November 2024<\/a><\/h4>\n<div class=\"pt-cv-content\">Liebe Mitglieder des ARC Bonn, mit gro\u00ad\u00dfer Freude m\u00f6ch\u00adten wir auf eine beson\u00adde\u00adre Gelegenheit auf\u00admerk\u00adsam machen: Auch in die\u00adsem Herbst \u2026<br><a href=\"https:\/\/arc-bonn.de\/?p=2327\" class=\"_self pt-cv-readmore btn btn-success\" target=\"_self\">Weiterlesen \u2026<\/a><\/div><\/div><\/div><\/div><\/div><\/div>\t\t\t\t\t<\/div>\n\t\t\t\t\t\t<\/div>\n\t\t\t\t<\/div>\n\t\t\t\t\t\t<\/div>\n\t\t\t\t\t<\/div>\n\t\t<\/div>\n\t\t\t\t\t\t\t\t<\/div>\n\t\t\t\t\t<\/div>\n\t\t<\/section>\n\t\t\t\t\t\t\t\t\t<\/div>\n\t\t\t<\/div>\n\t\t\t\t\t<\/div>\n\t\t","protected":false},"excerpt":{"rendered":"<p>Lehrg\u00e4nge Unseren Mitgliedern bie\u00adten wir in loser Reihenfolge Lehrg\u00e4nge auf unter\u00adschied\u00adli\u00adchem Leistungsklassen-Niveau an. Unsere Lehrg\u00e4nge fin\u00adden meist am Wochenende mit nam\u00adhaf\u00adten Ausbildern auf Reitanlagen in der Region statt. Des Weiteren bie\u00adten wir unse\u00adren Mitgliedern an, sie bei \u201eaus\u00adw\u00e4r\u00adti\u00adgen\u201c Lehrg\u00e4ngen mone\u00adt\u00e4r zu unter\u00adst\u00fct\u00adzen. Details hier\u00adzu sind bit\u00adte beim Vorstand zu erfra\u00adgen. \u00dcberblick \u00fcber unse\u00adre Lehrg\u00e4nge<\/p>\n","protected":false},"author":1,"featured_media":0,"parent":0,"menu_order":0,"comment_status":"closed","ping_status":"closed","template":"","meta":{"wp_typography_post_enhancements_disabled":false},"_links":{"self":[{"href":"https:\/\/arc-bonn.de\/index.php?rest_route=\/wp\/v2\/pages\/501"}],"collection":[{"href":"https:\/\/arc-bonn.de\/index.php?rest_route=\/wp\/v2\/pages"}],"about":[{"href":"https:\/\/arc-bonn.de\/index.php?rest_route=\/wp\/v2\/types\/page"}],"author":[{"embeddable":true,"href":"https:\/\/arc-bonn.de\/index.php?rest_route=\/wp\/v2\/users\/1"}],"replies":[{"embeddable":true,"href":"https:\/\/arc-bonn.de\/index.php?rest_route=%2Fwp%2Fv2%2Fcomments&post=501"}],"version-history":[{"count":20,"href":"https:\/\/arc-bonn.de\/index.php?rest_route=\/wp\/v2\/pages\/501\/revisions"}],"predecessor-version":[{"id":2161,"href":"https:\/\/arc-bonn.de\/index.php?rest_route=\/wp\/v2\/pages\/501\/revisions\/2161"}],"wp:attachment":[{"href":"https:\/\/arc-bonn.de\/index.php?rest_route=%2Fwp%2Fv2%2Fmedia&parent=501"}],"curies":[{"name":"wp","href":"https:\/\/api.w.org\/{rel}","templated":true}]}}